{"id":698,"date":"2014-11-23T07:53:12","date_gmt":"2014-11-23T07:53:12","guid":{"rendered":"http:\/\/juliadoss.server219.nognietactief.nl\/index_nw.php\/?post_type=work&#038;p=698"},"modified":"2024-06-16T09:32:34","modified_gmt":"2024-06-16T08:32:34","slug":"brasilia","status":"publish","type":"work","link":"https:\/\/www.juliadossantosbaptista.com\/pt-br\/work\/brasilia\/","title":{"rendered":"Bras\u00edlia"},"content":{"rendered":"\n\t\t<style type=\"text\/css\">\n\t\t\t#gallery-1 {\n\t\t\t\tmargin: auto;\n\t\t\t}\n\t\t\t#gallery-1 .gallery-item {\n\t\t\t\tfloat: left;\n\t\t\t\tmargin-top: 10px;\n\t\t\t\ttext-align: center;\n\t\t\t\twidth: 16%;\n\t\t\t}\n\t\t\t#gallery-1 img {\n\t\t\t\tborder: 2px solid #cfcfcf;\n\t\t\t}\n\t\t\t#gallery-1 .gallery-caption {\n\t\t\t\tmargin-left: 0;\n\t\t\t}\n\t\t\t\/* see gallery_shortcode() in wp-includes\/media.php *\/\n\t\t<\/style>\n\t\t<div id='gallery-1' class='gallery galleryid-698 gallery-columns-6 gallery-size-thumbnail'><dl class='gallery-item'>\n\t\t\t<dt class='gallery-icon portrait'>\n\t\t\t\t<a href='https:\/\/www.juliadossantosbaptista.com\/wp-content\/uploads\/MinisteriodeRetalhosAtelierRoute.jpg'><img loading=\"lazy\" decoding=\"async\" width=\"164\" height=\"246\" src=\"https:\/\/www.juliadossantosbaptista.com\/wp-content\/uploads\/MinisteriodeRetalhosAtelierRoute-164x246.jpg\" class=\"attachment-thumbnail size-thumbnail\" alt=\"Ministerio de Retalhos 100x180 cm \u00d3leo sobre linho 2010\" \/><\/a>\n\t\t\t<\/dt><\/dl><dl class='gallery-item'>\n\t\t\t<dt class='gallery-icon portrait'>\n\t\t\t\t<a href='https:\/\/www.juliadossantosbaptista.com\/wp-content\/uploads\/Alvoradadascores100x180cmOleo.jpg'><img loading=\"lazy\" decoding=\"async\" width=\"164\" height=\"246\" src=\"https:\/\/www.juliadossantosbaptista.com\/wp-content\/uploads\/Alvoradadascores100x180cmOleo-164x246.jpg\" class=\"attachment-thumbnail size-thumbnail\" alt=\"Alvorada das cores 100x180 cm \u00d3leo sobre linho 2011\" \/><\/a>\n\t\t\t<\/dt><\/dl><dl class='gallery-item'>\n\t\t\t<dt class='gallery-icon portrait'>\n\t\t\t\t<a href='https:\/\/www.juliadossantosbaptista.com\/wp-content\/uploads\/CongressoIpAmarelo.jpg'><img loading=\"lazy\" decoding=\"async\" width=\"164\" height=\"246\" src=\"https:\/\/www.juliadossantosbaptista.com\/wp-content\/uploads\/CongressoIpAmarelo-164x246.jpg\" class=\"attachment-thumbnail size-thumbnail\" alt=\"Congresso e o Ip\u00ea Amarelo 100x180 cm \u00d3leo sobre linho 2009\" \/><\/a>\n\t\t\t<\/dt><\/dl><dl class='gallery-item'>\n\t\t\t<dt class='gallery-icon portrait'>\n\t\t\t\t<a href='https:\/\/www.juliadossantosbaptista.com\/wp-content\/uploads\/DoisCandangosCerradoPC.jpg'><img loading=\"lazy\" decoding=\"async\" width=\"164\" height=\"246\" src=\"https:\/\/www.juliadossantosbaptista.com\/wp-content\/uploads\/DoisCandangosCerradoPC-164x246.jpg\" class=\"attachment-thumbnail size-thumbnail\" alt=\"Dois Candangos Cerrado 100x180 cm \u00d3leo sobre linho 2008\" \/><\/a>\n\t\t\t<\/dt><\/dl><dl class='gallery-item'>\n\t\t\t<dt class='gallery-icon portrait'>\n\t\t\t\t<a href='https:\/\/www.juliadossantosbaptista.com\/wp-content\/uploads\/PlantaBaixaBrasilia.jpg'><img loading=\"lazy\" decoding=\"async\" width=\"164\" height=\"246\" src=\"https:\/\/www.juliadossantosbaptista.com\/wp-content\/uploads\/PlantaBaixaBrasilia-164x246.jpg\" class=\"attachment-thumbnail size-thumbnail\" alt=\"Planta Baixa Brasilia 100x140 cm Oil sobre algod\u00e3o 2006\" \/><\/a>\n\t\t\t<\/dt><\/dl><dl class='gallery-item'>\n\t\t\t<dt class='gallery-icon landscape'>\n\t\t\t\t<a href='https:\/\/www.juliadossantosbaptista.com\/wp-content\/uploads\/DSC_0226.k.jpg'><img loading=\"lazy\" decoding=\"async\" width=\"164\" height=\"246\" src=\"https:\/\/www.juliadossantosbaptista.com\/wp-content\/uploads\/DSC_0226.k-164x246.jpg\" class=\"attachment-thumbnail size-thumbnail\" alt=\"Alvorada Noturna 100x180 cm \u00d3leo sobre linho 2008\" \/><\/a>\n\t\t\t<\/dt><\/dl><br style=\"clear: both\" \/><dl class='gallery-item'>\n\t\t\t<dt class='gallery-icon portrait'>\n\t\t\t\t<a href='https:\/\/www.juliadossantosbaptista.com\/wp-content\/uploads\/DonBoscoCristoAzu.jpg'><img loading=\"lazy\" decoding=\"async\" width=\"164\" height=\"246\" src=\"https:\/\/www.juliadossantosbaptista.com\/wp-content\/uploads\/DonBoscoCristoAzu-164x246.jpg\" class=\"attachment-thumbnail size-thumbnail\" alt=\"Don Bosco Cristo Azul 100x180 cm \u00d3leo sobre linho 2011\" \/><\/a>\n\t\t\t<\/dt><\/dl><dl class='gallery-item'>\n\t\t\t<dt class='gallery-icon portrait'>\n\t\t\t\t<a href='https:\/\/www.juliadossantosbaptista.com\/wp-content\/uploads\/AlvoradaBrasilia.1.jpg'><img loading=\"lazy\" decoding=\"async\" width=\"164\" height=\"246\" src=\"https:\/\/www.juliadossantosbaptista.com\/wp-content\/uploads\/AlvoradaBrasilia.1-164x246.jpg\" class=\"attachment-thumbnail size-thumbnail\" alt=\"Alvorada Bras\u00edlia 140x140 cm \u00d3leo sobre linho 2009\" \/><\/a>\n\t\t\t<\/dt><\/dl><dl class='gallery-item'>\n\t\t\t<dt class='gallery-icon portrait'>\n\t\t\t\t<a href='https:\/\/www.juliadossantosbaptista.com\/wp-content\/uploads\/JKOuro-2.jpg'><img loading=\"lazy\" decoding=\"async\" width=\"164\" height=\"246\" src=\"https:\/\/www.juliadossantosbaptista.com\/wp-content\/uploads\/JKOuro-2-164x246.jpg\" class=\"attachment-thumbnail size-thumbnail\" alt=\"JK de Ouro 100x180 cm \u00d3leo sobre linho 2008\" \/><\/a>\n\t\t\t<\/dt><\/dl><dl class='gallery-item'>\n\t\t\t<dt class='gallery-icon portrait'>\n\t\t\t\t<a href='https:\/\/www.juliadossantosbaptista.com\/wp-content\/uploads\/Catedral-em-Brasilia.jpg'><img loading=\"lazy\" decoding=\"async\" width=\"164\" height=\"246\" src=\"https:\/\/www.juliadossantosbaptista.com\/wp-content\/uploads\/Catedral-em-Brasilia-164x246.jpg\" class=\"attachment-thumbnail size-thumbnail\" alt=\"Catedral Junina em Festa 100x180 cm \u00d3leo sobre linho 2010\" \/><\/a>\n\t\t\t<\/dt><\/dl><dl class='gallery-item'>\n\t\t\t<dt class='gallery-icon landscape'>\n\t\t\t\t<a href='https:\/\/www.juliadossantosbaptista.com\/wp-content\/uploads\/IgrejinhaBrasilia.jpg'><img loading=\"lazy\" decoding=\"async\" width=\"164\" height=\"246\" src=\"https:\/\/www.juliadossantosbaptista.com\/wp-content\/uploads\/IgrejinhaBrasilia-164x246.jpg\" class=\"attachment-thumbnail size-thumbnail\" alt=\"Igrejinha Bras\u00edlia 100x140 cm \u00d3leo sobre linho 2006\" \/><\/a>\n\t\t\t<\/dt><\/dl><dl class='gallery-item'>\n\t\t\t<dt class='gallery-icon portrait'>\n\t\t\t\t<a href='https:\/\/www.juliadossantosbaptista.com\/wp-content\/uploads\/CatedralderendaBrasilia.jpg'><img loading=\"lazy\" decoding=\"async\" width=\"164\" height=\"246\" src=\"https:\/\/www.juliadossantosbaptista.com\/wp-content\/uploads\/CatedralderendaBrasilia-164x246.jpg\" class=\"attachment-thumbnail size-thumbnail\" alt=\"Catedral de renda de Bras\u00edlia 95x100 cm \u00d3leo sobre algod\u00e3o 2005\" \/><\/a>\n\t\t\t<\/dt><\/dl><br style=\"clear: both\" \/>\n\t\t<\/div>\n\n<div class=\"claps-toggle-text\" style=\"--collapse-hf:1px;--collapse-ht:1px;\" data-title=\"background\" data-swaptitle=\"Close\" data-icon=\"&#9660;\" data-swapicon=\"&#10005;\" data-ht=\"1px\" data-hf=\"1px\" data-above=\"0\"><div class=\"claps-text-inner claps-text-toggle-collapsed\">A Cole\u00e7\u00e3o de Bras\u00edlia \u00e9 inspirada no rico patrim\u00f4nio arquitet\u00f4nico e humano de Bras\u00edlia em di\u00e1logo com as diversas ra\u00edzes culturais de seus habitantes. Cores e temas da rotina di\u00e1ria dos brasilienses s\u00e3o refletidos na riqueza natural e cultural, compartilhadas pelos seus cidad\u00e3os. Retratam tamb\u00e9m a paisagem local: os tons de ocre e de verdes da paisagem; os tons de vermelho do solo; o azul profundo do c\u00e9u sobre Bras\u00edlia; o cinza do concreto, etc.<\/p>\n<p>A Cole\u00e7\u00e3o de Bras\u00edlia foi selecionada pela ECT-Correios do Brasil, para ilustrar 6 milh\u00f5es de selos nacionais, al\u00e9m de ilustrar o volume 6 de autoria da hitoriadora Patricia Ramos Braick, pertencente \u00e0 Cole\u00e7\u00e3o Estudar Hist\u00f3ria.<\/div><\/div>\n","protected":false},"featured_media":1144,"template":"","class_list":{"0":"post-698","1":"work","2":"type-work","3":"status-publish","4":"has-post-thumbnail","6":"entry"},"acf":[],"yoast_head":"<!-- This site is optimized with the Yoast SEO plugin v27.5 - https:\/\/yoast.com\/product\/yoast-seo-wordpress\/ -->\n<title>Bras\u00edlia - J&uacute;lia dos Santos Baptista<\/title>\n<meta name=\"robots\" content=\"index, follow, max-snippet:-1, max-image-preview:large, max-video-preview:-1\" \/>\n<link rel=\"canonical\" href=\"https:\/\/www.juliadossantosbaptista.com\/pt-br\/work\/brasilia\/\" \/>\n<meta property=\"og:locale\" content=\"pt_BR\" \/>\n<meta property=\"og:type\" content=\"article\" \/>\n<meta property=\"og:title\" content=\"Bras\u00edlia - J&uacute;lia dos Santos Baptista\" \/>\n<meta property=\"og:url\" content=\"https:\/\/www.juliadossantosbaptista.com\/pt-br\/work\/brasilia\/\" \/>\n<meta property=\"og:site_name\" content=\"J&uacute;lia dos Santos Baptista\" \/>\n<meta property=\"article:modified_time\" content=\"2024-06-16T08:32:34+00:00\" \/>\n<meta property=\"og:image\" content=\"https:\/\/www.juliadossantosbaptista.com\/wp-content\/uploads\/AlvoradaBrasilia-140x180cm2009.jpg\" \/>\n\t<meta property=\"og:image:width\" content=\"900\" \/>\n\t<meta property=\"og:image:height\" content=\"1167\" \/>\n\t<meta property=\"og:image:type\" content=\"image\/jpeg\" \/>\n<meta name=\"twitter:card\" content=\"summary_large_image\" \/>\n<meta name=\"twitter:label1\" content=\"Est. tempo de leitura\" \/>\n\t<meta name=\"twitter:data1\" content=\"1 minuto\" \/>\n<script type=\"application\/ld+json\" class=\"yoast-schema-graph\">{\"@context\":\"https:\\\/\\\/schema.org\",\"@graph\":[{\"@type\":\"WebPage\",\"@id\":\"https:\\\/\\\/www.juliadossantosbaptista.com\\\/pt-br\\\/work\\\/brasilia\\\/\",\"url\":\"https:\\\/\\\/www.juliadossantosbaptista.com\\\/pt-br\\\/work\\\/brasilia\\\/\",\"name\":\"Bras\u00edlia - J&uacute;lia dos Santos Baptista\",\"isPartOf\":{\"@id\":\"https:\\\/\\\/www.juliadossantosbaptista.com\\\/pt-br\\\/#website\"},\"primaryImageOfPage\":{\"@id\":\"https:\\\/\\\/www.juliadossantosbaptista.com\\\/pt-br\\\/work\\\/brasilia\\\/#primaryimage\"},\"image\":{\"@id\":\"https:\\\/\\\/www.juliadossantosbaptista.com\\\/pt-br\\\/work\\\/brasilia\\\/#primaryimage\"},\"thumbnailUrl\":\"https:\\\/\\\/www.juliadossantosbaptista.com\\\/wp-content\\\/uploads\\\/AlvoradaBrasilia-140x180cm2009.jpg\",\"datePublished\":\"2014-11-23T07:53:12+00:00\",\"dateModified\":\"2024-06-16T08:32:34+00:00\",\"breadcrumb\":{\"@id\":\"https:\\\/\\\/www.juliadossantosbaptista.com\\\/pt-br\\\/work\\\/brasilia\\\/#breadcrumb\"},\"inLanguage\":\"pt-BR\",\"potentialAction\":[{\"@type\":\"ReadAction\",\"target\":[\"https:\\\/\\\/www.juliadossantosbaptista.com\\\/pt-br\\\/work\\\/brasilia\\\/\"]}]},{\"@type\":\"ImageObject\",\"inLanguage\":\"pt-BR\",\"@id\":\"https:\\\/\\\/www.juliadossantosbaptista.com\\\/pt-br\\\/work\\\/brasilia\\\/#primaryimage\",\"url\":\"https:\\\/\\\/www.juliadossantosbaptista.com\\\/wp-content\\\/uploads\\\/AlvoradaBrasilia-140x180cm2009.jpg\",\"contentUrl\":\"https:\\\/\\\/www.juliadossantosbaptista.com\\\/wp-content\\\/uploads\\\/AlvoradaBrasilia-140x180cm2009.jpg\",\"width\":900,\"height\":1167,\"caption\":\"Alvorada Brasilia 140x180cm 2009\"},{\"@type\":\"BreadcrumbList\",\"@id\":\"https:\\\/\\\/www.juliadossantosbaptista.com\\\/pt-br\\\/work\\\/brasilia\\\/#breadcrumb\",\"itemListElement\":[{\"@type\":\"ListItem\",\"position\":1,\"name\":\"Home\",\"item\":\"https:\\\/\\\/www.juliadossantosbaptista.com\\\/pt-br\\\/\"},{\"@type\":\"ListItem\",\"position\":2,\"name\":\"Bras\u00edlia\"}]},{\"@type\":\"WebSite\",\"@id\":\"https:\\\/\\\/www.juliadossantosbaptista.com\\\/pt-br\\\/#website\",\"url\":\"https:\\\/\\\/www.juliadossantosbaptista.com\\\/pt-br\\\/\",\"name\":\"J&uacute;lia dos Santos Baptista\",\"description\":\"Painter\",\"potentialAction\":[{\"@type\":\"SearchAction\",\"target\":{\"@type\":\"EntryPoint\",\"urlTemplate\":\"https:\\\/\\\/www.juliadossantosbaptista.com\\\/pt-br\\\/?s={search_term_string}\"},\"query-input\":{\"@type\":\"PropertyValueSpecification\",\"valueRequired\":true,\"valueName\":\"search_term_string\"}}],\"inLanguage\":\"pt-BR\"}]}<\/script>\n<!-- \/ Yoast SEO plugin. -->","yoast_head_json":{"title":"Bras\u00edlia - J&uacute;lia dos Santos Baptista","robots":{"index":"index","follow":"follow","max-snippet":"max-snippet:-1","max-image-preview":"max-image-preview:large","max-video-preview":"max-video-preview:-1"},"canonical":"https:\/\/www.juliadossantosbaptista.com\/pt-br\/work\/brasilia\/","og_locale":"pt_BR","og_type":"article","og_title":"Bras\u00edlia - J&uacute;lia dos Santos Baptista","og_url":"https:\/\/www.juliadossantosbaptista.com\/pt-br\/work\/brasilia\/","og_site_name":"J&uacute;lia dos Santos Baptista","article_modified_time":"2024-06-16T08:32:34+00:00","og_image":[{"width":900,"height":1167,"url":"https:\/\/www.juliadossantosbaptista.com\/wp-content\/uploads\/AlvoradaBrasilia-140x180cm2009.jpg","type":"image\/jpeg"}],"twitter_card":"summary_large_image","twitter_misc":{"Est. tempo de leitura":"1 minuto"},"schema":{"@context":"https:\/\/schema.org","@graph":[{"@type":"WebPage","@id":"https:\/\/www.juliadossantosbaptista.com\/pt-br\/work\/brasilia\/","url":"https:\/\/www.juliadossantosbaptista.com\/pt-br\/work\/brasilia\/","name":"Bras\u00edlia - J&uacute;lia dos Santos Baptista","isPartOf":{"@id":"https:\/\/www.juliadossantosbaptista.com\/pt-br\/#website"},"primaryImageOfPage":{"@id":"https:\/\/www.juliadossantosbaptista.com\/pt-br\/work\/brasilia\/#primaryimage"},"image":{"@id":"https:\/\/www.juliadossantosbaptista.com\/pt-br\/work\/brasilia\/#primaryimage"},"thumbnailUrl":"https:\/\/www.juliadossantosbaptista.com\/wp-content\/uploads\/AlvoradaBrasilia-140x180cm2009.jpg","datePublished":"2014-11-23T07:53:12+00:00","dateModified":"2024-06-16T08:32:34+00:00","breadcrumb":{"@id":"https:\/\/www.juliadossantosbaptista.com\/pt-br\/work\/brasilia\/#breadcrumb"},"inLanguage":"pt-BR","potentialAction":[{"@type":"ReadAction","target":["https:\/\/www.juliadossantosbaptista.com\/pt-br\/work\/brasilia\/"]}]},{"@type":"ImageObject","inLanguage":"pt-BR","@id":"https:\/\/www.juliadossantosbaptista.com\/pt-br\/work\/brasilia\/#primaryimage","url":"https:\/\/www.juliadossantosbaptista.com\/wp-content\/uploads\/AlvoradaBrasilia-140x180cm2009.jpg","contentUrl":"https:\/\/www.juliadossantosbaptista.com\/wp-content\/uploads\/AlvoradaBrasilia-140x180cm2009.jpg","width":900,"height":1167,"caption":"Alvorada Brasilia 140x180cm 2009"},{"@type":"BreadcrumbList","@id":"https:\/\/www.juliadossantosbaptista.com\/pt-br\/work\/brasilia\/#breadcrumb","itemListElement":[{"@type":"ListItem","position":1,"name":"Home","item":"https:\/\/www.juliadossantosbaptista.com\/pt-br\/"},{"@type":"ListItem","position":2,"name":"Bras\u00edlia"}]},{"@type":"WebSite","@id":"https:\/\/www.juliadossantosbaptista.com\/pt-br\/#website","url":"https:\/\/www.juliadossantosbaptista.com\/pt-br\/","name":"J&uacute;lia dos Santos Baptista","description":"Painter","potentialAction":[{"@type":"SearchAction","target":{"@type":"EntryPoint","urlTemplate":"https:\/\/www.juliadossantosbaptista.com\/pt-br\/?s={search_term_string}"},"query-input":{"@type":"PropertyValueSpecification","valueRequired":true,"valueName":"search_term_string"}}],"inLanguage":"pt-BR"}]}},"_links":{"self":[{"href":"https:\/\/www.juliadossantosbaptista.com\/pt-br\/wp-json\/wp\/v2\/work\/698","targetHints":{"allow":["GET"]}}],"collection":[{"href":"https:\/\/www.juliadossantosbaptista.com\/pt-br\/wp-json\/wp\/v2\/work"}],"about":[{"href":"https:\/\/www.juliadossantosbaptista.com\/pt-br\/wp-json\/wp\/v2\/types\/work"}],"wp:featuredmedia":[{"embeddable":true,"href":"https:\/\/www.juliadossantosbaptista.com\/pt-br\/wp-json\/wp\/v2\/media\/1144"}],"wp:attachment":[{"href":"https:\/\/www.juliadossantosbaptista.com\/pt-br\/wp-json\/wp\/v2\/media?parent=698"}],"curies":[{"name":"wp","href":"https:\/\/api.w.org\/{rel}","templated":true}]}}